{"id":9847,"date":"2015-11-18T08:20:27","date_gmt":"2015-11-18T13:20:27","guid":{"rendered":"http:\/\/irpp.org\/research-studies\/en-fr\/"},"modified":"2023-04-04T10:00:21","modified_gmt":"2023-04-04T14:00:21","slug":"seeing-the-same-canada","status":"publish","type":"research-studies","link":"https:\/\/irpp.org\/fr\/research-studies\/seeing-the-same-canada\/","title":{"rendered":"Seeing the Same Canada?"},"content":{"rendered":"<p>L\u2019histoire du Canada est marqu\u00e9e par des visions divergentes du pays et par des diff\u00e9rends r\u00e9gionaux sur le fonctionnement de la f\u00e9d\u00e9ration. Ces tensions ont \u00e9t\u00e9 perp\u00e9tu\u00e9es par un \u00e9ventail d\u2019identit\u00e9s et d\u2019int\u00e9r\u00eats souvent conflictuels. La pr\u00e9sente \u00e9tude examine comment la population grandissante des minorit\u00e9s visibles du pays per\u00e7oit d\u2019importants aspects de la f\u00e9d\u00e9ration canadienne.<\/p>\n<p>Antoine Bilodeau et ses coauteurs ont voulu d\u00e9terminer si les r\u00e9sidents canadiens issus des minorit\u00e9s visibles au Qu\u00e9bec, en Ontario, en Alberta et en Colombie-Britannique per\u00e7oivent le Canada de la m\u00eame fa\u00e7on que la population majoritaire. Les membres des minorit\u00e9s visibles \u00e9tant plus souvent victimes de discrimination et d\u2019exclusion sociale, les auteurs se sont notamment interrog\u00e9s sur l\u2019int\u00e9r\u00eat de ce segment croissant de la population pour les revendications r\u00e9gionales de longue date et les demandes de r\u00e9forme constitutionnelle qui structurent encore aujourd\u2019hui plusieurs d\u00e9bats nationaux.<\/p>\n<p>Ils ont ainsi d\u00e9couvert que par rapport \u00e0 la population majoritaire, les membres des minorit\u00e9s visibles affichent globalement un sentiment de loyaut\u00e9 plus fort \u00e0 l\u2019\u00e9gard du gouvernement f\u00e9d\u00e9ral que des gouvernements provinciaux, soutiennent plus fermement les politiques pancanadiennes et sont moins enclins \u00e0 souscrire aux griefs historiques \u00e0 l\u2019encontre de la f\u00e9d\u00e9ration. Pour ce qui est des deux visions concurrentes du pays, provinciale et nationale, ils adh\u00e8rent aussi plus fortement \u00e0 une vision nationale du Canada.<\/p>\n<p>Leur perception de la f\u00e9d\u00e9ration varie toutefois selon leur province de r\u00e9sidence et leur lieu de naissance. C\u2019est ainsi qu\u2019en Ontario, l\u2019opinion des membres des minorit\u00e9s visibles est presque identique \u00e0 celle du reste de la population. En Alberta et en Colombie-Britannique, les membres des minorit\u00e9s visibles n\u00e9s \u00e0 l\u2019\u00e9tranger expriment moins de griefs \u00e0 caract\u00e8re r\u00e9gional, mais ceux qui sont n\u00e9s au Canada per\u00e7oivent la f\u00e9d\u00e9ration de fa\u00e7on tr\u00e8s semblable \u00e0 la population majoritaire.<\/p>\n<p>La plus grande diff\u00e9rence s\u2019observe au Qu\u00e9bec, o\u00f9 les membres des minorit\u00e9s visibles adh\u00e8rent beaucoup plus fortement \u00e0 une vision nationale du pays, qu\u2019ils soient n\u00e9s au Canada ou \u00e0 l\u2019\u00e9tranger, que la population majoritaire. Cette diff\u00e9rence de perspective est particuli\u00e8rement frappante entre les membres non francophones des minorit\u00e9s visibles et le reste des Qu\u00e9b\u00e9cois.<\/p>\n<p>Ces conclusions indiquent que la politique de multiculturalisme du gouvernement f\u00e9d\u00e9ral constitue un mod\u00e8le appr\u00e9ci\u00e9 des membres des minorit\u00e9s visibles. Ce mod\u00e8le obtient un appui particuli\u00e8rement fort de leur part au Qu\u00e9bec, dont les gouvernements n\u2019ont jamais soutenu le multiculturalisme canadien et tardent \u00e0 proposer une politique de rechange officielle.<\/p>","protected":false},"excerpt":{"rendered":"<p>L\u2019histoire du Canada est marqu\u00e9e par des visions divergentes du pays et par des diff\u00e9rends r\u00e9gionaux sur le fonctionnement de la f\u00e9d\u00e9ration. Ces tensions ont \u00e9t\u00e9 perp\u00e9tu\u00e9es par un \u00e9ventail d\u2019identit\u00e9s et d\u2019int\u00e9r\u00eats souvent conflictuels. La pr\u00e9sente \u00e9tude examine comment la population grandissante des minorit\u00e9s visibles du pays per\u00e7oit d\u2019importants aspects de la f\u00e9d\u00e9ration canadienne. [&hellip;]<\/p>\n","protected":false},"featured_media":6211,"template":"","meta":{"content-type":""},"categories":[91],"tags":[],"class_list":["post-9847","research-studies","type-research-studies","status-publish","has-post-thumbnail","hentry","category-featured-research-study-fr"],"acf":[],"yoast_head":"<!-- This site is optimized with the Yoast SEO plugin v15.7 - https:\/\/yoast.com\/wordpress\/plugins\/seo\/ -->\n<meta name=\"description\" content=\"Visible minority immigrants more likely than majority population to embrace national vision of Canada.\" \/>\n<meta name=\"robots\" content=\"index, follow, max-snippet:-1, max-image-preview:large, max-video-preview:-1\" \/>\n<link rel=\"canonical\" href=\"https:\/\/irpp.org\/fr\/research-studies\/seeing-the-same-canada\/\" \/>\n<meta property=\"og:locale\" content=\"fr_FR\" \/>\n<meta property=\"og:type\" content=\"article\" \/>\n<meta property=\"og:title\" content=\"Seeing the Same Canada? Visible Minorities\u2019 Views of the Federation\" \/>\n<meta property=\"og:description\" content=\"Visible minority immigrants more likely than majority population to embrace national vision of Canada.\" \/>\n<meta property=\"og:url\" content=\"https:\/\/irpp.org\/fr\/research-studies\/seeing-the-same-canada\/\" \/>\n<meta property=\"og:site_name\" content=\"IRPP\" \/>\n<meta property=\"article:publisher\" content=\"https:\/\/www.facebook.com\/IRPP.org\" \/>\n<meta property=\"article:modified_time\" content=\"2023-04-04T14:00:21+00:00\" \/>\n<meta property=\"og:image\" content=\"https:\/\/irpp.org\/wp-content\/uploads\/2015\/11\/canadian-flags.jpg\" \/>\n\t<meta property=\"og:image:width\" content=\"710\" \/>\n\t<meta property=\"og:image:height\" content=\"390\" \/>\n<meta name=\"twitter:card\" content=\"summary_large_image\" \/>\n<meta name=\"twitter:site\" content=\"@irpp\" \/>\n<meta name=\"twitter:label1\" content=\"Dur\u00e9e de lecture est.\">\n\t<meta name=\"twitter:data1\" content=\"2 minutes\">\n<script type=\"application\/ld+json\" class=\"yoast-schema-graph\">{\"@context\":\"https:\/\/schema.org\",\"@graph\":[{\"@type\":\"WebSite\",\"@id\":\"https:\/\/irpp.org\/#website\",\"url\":\"https:\/\/irpp.org\/\",\"name\":\"IRPP\",\"description\":\"Institute for Research on Public Policy\",\"potentialAction\":[{\"@type\":\"SearchAction\",\"target\":\"https:\/\/irpp.org\/?s={search_term_string}\",\"query-input\":\"required name=search_term_string\"}],\"inLanguage\":\"fr-FR\"},{\"@type\":\"ImageObject\",\"@id\":\"https:\/\/irpp.org\/fr\/research-studies\/seeing-the-same-canada\/#primaryimage\",\"inLanguage\":\"fr-FR\",\"url\":\"https:\/\/irpp.org\/wp-content\/uploads\/2015\/11\/canadian-flags.jpg\",\"width\":710,\"height\":390},{\"@type\":\"WebPage\",\"@id\":\"https:\/\/irpp.org\/fr\/research-studies\/seeing-the-same-canada\/#webpage\",\"url\":\"https:\/\/irpp.org\/fr\/research-studies\/seeing-the-same-canada\/\",\"name\":\"Seeing the Same Canada? Visible Minorities\\u2019 Views of the Federation\",\"isPartOf\":{\"@id\":\"https:\/\/irpp.org\/#website\"},\"primaryImageOfPage\":{\"@id\":\"https:\/\/irpp.org\/fr\/research-studies\/seeing-the-same-canada\/#primaryimage\"},\"datePublished\":\"2015-11-18T13:20:27+00:00\",\"dateModified\":\"2023-04-04T14:00:21+00:00\",\"description\":\"Visible minority immigrants more likely than majority population to embrace national vision of Canada.\",\"inLanguage\":\"fr-FR\",\"potentialAction\":[{\"@type\":\"ReadAction\",\"target\":[\"https:\/\/irpp.org\/fr\/research-studies\/seeing-the-same-canada\/\"]}]}]}<\/script>\n<!-- \/ Yoast SEO plugin. -->","distributor_meta":false,"distributor_terms":false,"distributor_media":false,"distributor_original_site_name":"IRPP","distributor_original_site_url":"https:\/\/irpp.org\/fr\/","push-errors":false,"_links":{"self":[{"href":"https:\/\/irpp.org\/fr\/wp-json\/wp\/v2\/research-studies\/9847","targetHints":{"allow":["GET"]}}],"collection":[{"href":"https:\/\/irpp.org\/fr\/wp-json\/wp\/v2\/research-studies"}],"about":[{"href":"https:\/\/irpp.org\/fr\/wp-json\/wp\/v2\/types\/research-studies"}],"version-history":[{"count":0,"href":"https:\/\/irpp.org\/fr\/wp-json\/wp\/v2\/research-studies\/9847\/revisions"}],"wp:featuredmedia":[{"embeddable":true,"href":"https:\/\/irpp.org\/fr\/wp-json\/wp\/v2\/media\/6211"}],"wp:attachment":[{"href":"https:\/\/irpp.org\/fr\/wp-json\/wp\/v2\/media?parent=9847"}],"wp:term":[{"taxonomy":"category","embeddable":true,"href":"https:\/\/irpp.org\/fr\/wp-json\/wp\/v2\/categories?post=9847"},{"taxonomy":"post_tag","embeddable":true,"href":"https:\/\/irpp.org\/fr\/wp-json\/wp\/v2\/tags?post=9847"}],"curies":[{"name":"wp","href":"https:\/\/api.w.org\/{rel}","templated":true}]}}