{"id":9326,"date":"2005-05-26T00:00:00","date_gmt":"2005-05-26T04:00:00","guid":{"rendered":"http:\/\/irpp.org\/research-studies\/en-fr\/"},"modified":"2021-08-05T16:12:05","modified_gmt":"2021-08-05T20:12:05","slug":"en-fr-123","status":"publish","type":"research-studies","link":"https:\/\/irpp.org\/fr\/research-studies\/en-fr-123\/","title":{"rendered":"Fiscal Gaps and Imbalances"},"content":{"rendered":"<p>France St-Hilaire (vice-pr\u00e9sidente, recherche de l&rsquo;organisme) soutient que ce ne sont pas tant les probl\u00e8mes de financement qui nuisent \u00e0 la capacit\u00e9 des provinces d&rsquo;implanter et de g\u00e9rer les programmes sociaux, mais bien le penchant du gouvernement f\u00e9d\u00e9ral pour le contr\u00f4le qu&rsquo;il cherche \u00e0 exercer sur ceux -ci et la visibilit\u00e9 qu&rsquo;ils lui procurent.Ce d\u00e9s\u00e9quilibre fiscal qui profite \u00e0 Ottawa pourrait se justifier si il garantissait aux provinces des transferts suffisants pour financer les d\u00e9penses qu&rsquo;il les oblige, formellement ou implicitement, \u00e0 faire. Cependant, la r\u00e9alit\u00e9 est tout autre. Le gouvernement f\u00e9d\u00e9ral s&rsquo;est montr\u00e9 tr\u00e8s r\u00e9ticent \u00e0 recourir de nouveau aux transferts pour atteindre ses objectifs en mati\u00e8re de politiques sociales.Cette tendance est tr\u00e8s claire, et on peut l&rsquo;illustrer \u00e0 l&rsquo;aide de nombreux exemples.<\/p>","protected":false},"excerpt":{"rendered":"<p>France St-Hilaire (vice-pr\u00e9sidente, recherche de l&rsquo;organisme) soutient que ce ne sont pas tant les probl\u00e8mes de financement qui nuisent \u00e0 la capacit\u00e9 des provinces d&rsquo;implanter et de g\u00e9rer les programmes sociaux, mais bien le penchant du gouvernement f\u00e9d\u00e9ral pour le contr\u00f4le qu&rsquo;il cherche \u00e0 exercer sur ceux -ci et la visibilit\u00e9 qu&rsquo;ils lui procurent.Ce d\u00e9s\u00e9quilibre [&hellip;]<\/p>\n","protected":false},"featured_media":15716,"template":"","meta":{"content-type":""},"categories":[91,90],"tags":[],"class_list":["post-9326","research-studies","type-research-studies","status-publish","has-post-thumbnail","hentry","category-featured-research-study-fr","category-home-main-feature-fr"],"acf":[],"yoast_head":"<!-- This site is optimized with the Yoast SEO plugin v15.7 - https:\/\/yoast.com\/wordpress\/plugins\/seo\/ -->\n<meta name=\"description\" content=\"\u201cDysfunctional Effects\u201d of federal-provincial fiscal imbalance harm effective social policymaking.\" \/>\n<meta name=\"robots\" content=\"index, follow, max-snippet:-1, max-image-preview:large, max-video-preview:-1\" \/>\n<link rel=\"canonical\" href=\"https:\/\/irpp.org\/fr\/research-studies\/en-fr-123\/\" \/>\n<meta property=\"og:locale\" content=\"fr_FR\" \/>\n<meta property=\"og:type\" content=\"article\" \/>\n<meta property=\"og:title\" content=\"Fiscal Gaps and Imbalances\" \/>\n<meta property=\"og:description\" content=\"\u201cDysfunctional Effects\u201d of federal-provincial fiscal imbalance harm effective social policymaking.\" \/>\n<meta property=\"og:url\" content=\"https:\/\/irpp.org\/fr\/research-studies\/en-fr-123\/\" \/>\n<meta property=\"og:site_name\" content=\"IRPP\" \/>\n<meta property=\"article:publisher\" content=\"https:\/\/www.facebook.com\/IRPP.org\" \/>\n<meta property=\"article:modified_time\" content=\"2021-08-05T20:12:05+00:00\" \/>\n<meta property=\"og:image\" content=\"https:\/\/irpp.org\/wp-content\/uploads\/2005\/05\/Facebook_OttawaParliament.jpg\" \/>\n\t<meta property=\"og:image:width\" content=\"1200\" \/>\n\t<meta property=\"og:image:height\" content=\"628\" \/>\n<meta name=\"twitter:card\" content=\"summary_large_image\" \/>\n<meta name=\"twitter:image\" content=\"https:\/\/irpp.org\/wp-content\/uploads\/2005\/05\/Twitter_OttawaParliament.jpg\" \/>\n<meta name=\"twitter:site\" content=\"@irpp\" \/>\n<meta name=\"twitter:label1\" content=\"Dur\u00e9e de lecture est.\">\n\t<meta name=\"twitter:data1\" content=\"1 minute\">\n<script type=\"application\/ld+json\" class=\"yoast-schema-graph\">{\"@context\":\"https:\/\/schema.org\",\"@graph\":[{\"@type\":\"WebSite\",\"@id\":\"https:\/\/irpp.org\/#website\",\"url\":\"https:\/\/irpp.org\/\",\"name\":\"IRPP\",\"description\":\"Institute for Research on Public Policy\",\"potentialAction\":[{\"@type\":\"SearchAction\",\"target\":\"https:\/\/irpp.org\/?s={search_term_string}\",\"query-input\":\"required name=search_term_string\"}],\"inLanguage\":\"fr-FR\"},{\"@type\":\"ImageObject\",\"@id\":\"https:\/\/irpp.org\/fr\/research-studies\/en-fr-123\/#primaryimage\",\"inLanguage\":\"fr-FR\",\"url\":\"https:\/\/irpp.org\/wp-content\/uploads\/2005\/05\/Study_OttawaParliament.jpg\",\"width\":2000,\"height\":700},{\"@type\":\"WebPage\",\"@id\":\"https:\/\/irpp.org\/fr\/research-studies\/en-fr-123\/#webpage\",\"url\":\"https:\/\/irpp.org\/fr\/research-studies\/en-fr-123\/\",\"name\":\"Fiscal Gaps and Imbalances\",\"isPartOf\":{\"@id\":\"https:\/\/irpp.org\/#website\"},\"primaryImageOfPage\":{\"@id\":\"https:\/\/irpp.org\/fr\/research-studies\/en-fr-123\/#primaryimage\"},\"datePublished\":\"2005-05-26T04:00:00+00:00\",\"dateModified\":\"2021-08-05T20:12:05+00:00\",\"description\":\"\\u201cDysfunctional Effects\\u201d of federal-provincial fiscal imbalance harm effective social policymaking.\",\"inLanguage\":\"fr-FR\",\"potentialAction\":[{\"@type\":\"ReadAction\",\"target\":[\"https:\/\/irpp.org\/fr\/research-studies\/en-fr-123\/\"]}]}]}<\/script>\n<!-- \/ Yoast SEO plugin. -->","distributor_meta":false,"distributor_terms":false,"distributor_media":false,"distributor_original_site_name":"IRPP","distributor_original_site_url":"https:\/\/irpp.org\/fr\/","push-errors":false,"_links":{"self":[{"href":"https:\/\/irpp.org\/fr\/wp-json\/wp\/v2\/research-studies\/9326","targetHints":{"allow":["GET"]}}],"collection":[{"href":"https:\/\/irpp.org\/fr\/wp-json\/wp\/v2\/research-studies"}],"about":[{"href":"https:\/\/irpp.org\/fr\/wp-json\/wp\/v2\/types\/research-studies"}],"version-history":[{"count":0,"href":"https:\/\/irpp.org\/fr\/wp-json\/wp\/v2\/research-studies\/9326\/revisions"}],"wp:featuredmedia":[{"embeddable":true,"href":"https:\/\/irpp.org\/fr\/wp-json\/wp\/v2\/media\/15716"}],"wp:attachment":[{"href":"https:\/\/irpp.org\/fr\/wp-json\/wp\/v2\/media?parent=9326"}],"wp:term":[{"taxonomy":"category","embeddable":true,"href":"https:\/\/irpp.org\/fr\/wp-json\/wp\/v2\/categories?post=9326"},{"taxonomy":"post_tag","embeddable":true,"href":"https:\/\/irpp.org\/fr\/wp-json\/wp\/v2\/tags?post=9326"}],"curies":[{"name":"wp","href":"https:\/\/api.w.org\/{rel}","templated":true}]}}