{"id":9307,"date":"2013-12-12T00:00:00","date_gmt":"2013-12-12T05:00:00","guid":{"rendered":"http:\/\/irpp.org\/research-studies\/canadas-provincial-nominee-immigration-programs\/"},"modified":"2018-06-13T15:15:02","modified_gmt":"2018-06-13T19:15:02","slug":"canadas-provincial-nominee-immigration-programs","status":"publish","type":"research-studies","link":"https:\/\/irpp.org\/fr\/research-studies\/canadas-provincial-nominee-immigration-programs\/","title":{"rendered":"Canada&rsquo;s Provincial Nominee Immigration Programs"},"content":{"rendered":"<p>Dans la foul\u00e9e d&rsquo;une s\u00e9rie d&rsquo;accords sign\u00e9s avec Ottawa depuis 20 ans, les gouvernements sous-nationaux du Canada en sont venus \u00e0 jouer un r\u00f4le majeur dans la s\u00e9lection des immigrants. Le premier de ces accords avait \u00e9t\u00e9 conclu avec le gouvernement du Qu\u00e9bec, qui choisit depuis 1991 tous les immigrants \u00e9conomiques d\u00e9sireux de s&rsquo;y \u00e9tablir. \u00c0 partir de la fin des ann\u00e9es 1990, d&rsquo;autres accords en partie inspir\u00e9s par celui avec le Qu\u00e9bec ont men\u00e9 \u00e0 la cr\u00e9ation de programmes des candidats des provinces (PCP) dans toutes les autres provinces, au Yukon et dans les Territoires du Nord-Ouest.<\/p>\n<p>Depuis, les PCP se sont d\u00e9velopp\u00e9s au point qu&rsquo;environ le quart des immigrants \u00e9conomiques sont admis au pays \u00e0 titre de candidats des provinces. Et conform\u00e9ment \u00e0 l&rsquo;un des objectifs initiaux des programmes, les destinations d&rsquo;\u00e9tablissement des nouveaux arrivants ont chang\u00e9 au profit de provinces plus petites comme le Manitoba. Les PCP ont aussi multipli\u00e9 les volets des programmes, en en cr\u00e9ant notamment pour les travailleurs \u00e9trangers temporaires ayant une exp\u00e9rience dans une province donn\u00e9e, les investisseurs, les familles d&rsquo;immigrants admises en vertu d&rsquo;un PCP et les \u00e9tudiants \u00e9trangers dipl\u00f4m\u00e9s. S&rsquo;appuyant sur de r\u00e9centes entrevues de recherche, cette \u00e9tude examine l&rsquo;\u00e9volution des PCP au Manitoba, en Colombie-Britannique, en Alberta et en Nouvelle-\u00c9cosse, de m\u00eame que la coh\u00e9rence et la coordination de leurs dispositions dans une perspective de gouvernance multilat\u00e9rale.<\/p>\n<p>Les accords conclus avec Ottawa laissent aux provinces une marge de man\u0153uvre appr\u00e9ciable pour \u00e9tablir des programmes de candidats r\u00e9pondant aux besoins de leur \u00e9conomie et de leur march\u00e9 du travail. Mais dans plusieurs provinces, leur application a donn\u00e9 lieu \u00e0 de s\u00e9rieux probl\u00e8mes d&rsquo;int\u00e9grit\u00e9, surtout en ce qui a trait aux programmes d&rsquo;investisseurs (certains ayant \u00e9t\u00e9 annul\u00e9s ou suspendus pour cause d&rsquo;application inad\u00e9quate des exigences de recevabilit\u00e9 et d&rsquo;admissibilit\u00e9, voire de fraude). Ottawa a donc r\u00e9affirm\u00e9 son r\u00f4le ces derni\u00e8res ann\u00e9es, insistant notamment sur le crit\u00e8re d&rsquo;int\u00e9grit\u00e9, et apport\u00e9 des modifications s&rsquo;appliquant \u00e0 tous les PCP (entre autres des exigences linguistiques minimales). En 2009, il a impos\u00e9 des limites au nombre de candidats que peut accepter une province, ce qui a cr\u00e9\u00e9 des tensions importantes avec certaines provinces.<\/p>\n<p>Essentiellement, Ottawa a trait\u00e9 ces probl\u00e8mes avec chaque province concern\u00e9e. R\u00e9sultat de cette dynamique bilat\u00e9rale: plusieurs d\u00e9cisions ne s&rsquo;appuient pas n\u00e9cessairement sur une vision politique globale ou sur l&rsquo;exp\u00e9rience d&rsquo;autres provinces. Et certaines innovations ont \u00e9t\u00e9 apport\u00e9es aux programmes sans que l&rsquo;on mesure leurs effets sur tout le syst\u00e8me d&rsquo;immigration, comme l&rsquo;indique le recours croissant, dans certaines provinces, aux PCP pour permettre aux travailleurs temporaires d&rsquo;acc\u00e9der \u00e0 la r\u00e9sidence permanente (les crit\u00e8res de s\u00e9lection qui s&rsquo;appliquent diff\u00e8rent de ceux utilis\u00e9s pour les candidats au programme des travailleurs qualifi\u00e9s). Face \u00e0 cette \u00e9volution, l&rsquo;auteur propose qu&rsquo;Ottawa et les provinces et territoires participants d\u00e9finissent conjointement une vision, un cadre et des objectifs applicables \u00e0 tous les PCP, de mani\u00e8re \u00e0 favoriser leur coordination et \u00e0 d\u00e9terminer les futures orientations de ces importants programmes.<\/p>","protected":false},"excerpt":{"rendered":"<p>Dans la foul\u00e9e d&rsquo;une s\u00e9rie d&rsquo;accords sign\u00e9s avec Ottawa depuis 20 ans, les gouvernements sous-nationaux du Canada en sont venus \u00e0 jouer un r\u00f4le majeur dans la s\u00e9lection des immigrants. Le premier de ces accords avait \u00e9t\u00e9 conclu avec le gouvernement du Qu\u00e9bec, qui choisit depuis 1991 tous les immigrants \u00e9conomiques d\u00e9sireux de s&rsquo;y \u00e9tablir. [&hellip;]<\/p>\n","protected":false},"featured_media":1400,"template":"","meta":{"content-type":""},"categories":[],"tags":[],"class_list":["post-9307","research-studies","type-research-studies","status-publish","has-post-thumbnail","hentry"],"acf":[],"yoast_head":"<!-- This site is optimized with the Yoast SEO plugin v15.7 - https:\/\/yoast.com\/wordpress\/plugins\/seo\/ -->\n<meta name=\"description\" content=\"Study calls for new intergovernmental framework for provincial nominee immigration programs.\" \/>\n<meta name=\"robots\" content=\"index, follow, max-snippet:-1, max-image-preview:large, max-video-preview:-1\" \/>\n<link rel=\"canonical\" href=\"https:\/\/irpp.org\/fr\/research-studies\/canadas-provincial-nominee-immigration-programs\/\" \/>\n<meta property=\"og:locale\" content=\"fr_FR\" \/>\n<meta property=\"og:type\" content=\"article\" \/>\n<meta property=\"og:title\" content=\"Canada&#039;s Provincial Nominee Immigration Programs\" \/>\n<meta property=\"og:description\" content=\"Study calls for new intergovernmental framework for provincial nominee immigration programs.\" \/>\n<meta property=\"og:url\" content=\"https:\/\/irpp.org\/fr\/research-studies\/canadas-provincial-nominee-immigration-programs\/\" \/>\n<meta property=\"og:site_name\" content=\"IRPP\" \/>\n<meta property=\"article:publisher\" content=\"https:\/\/www.facebook.com\/IRPP.org\" \/>\n<meta property=\"article:modified_time\" content=\"2018-06-13T19:15:02+00:00\" \/>\n<meta property=\"og:image\" content=\"https:\/\/irpp.org\/wp-content\/uploads\/\/sites\/2\/assets\/Uploads\/immigration3.jpg\" \/>\n\t<meta property=\"og:image:width\" content=\"710\" \/>\n\t<meta property=\"og:image:height\" content=\"390\" \/>\n<meta name=\"twitter:card\" content=\"summary_large_image\" \/>\n<meta name=\"twitter:site\" content=\"@irpp\" \/>\n<meta name=\"twitter:label1\" content=\"Dur\u00e9e de lecture est.\">\n\t<meta name=\"twitter:data1\" content=\"3 minutes\">\n<script type=\"application\/ld+json\" class=\"yoast-schema-graph\">{\"@context\":\"https:\/\/schema.org\",\"@graph\":[{\"@type\":\"WebSite\",\"@id\":\"https:\/\/irpp.org\/#website\",\"url\":\"https:\/\/irpp.org\/\",\"name\":\"IRPP\",\"description\":\"Institute for Research on Public Policy\",\"potentialAction\":[{\"@type\":\"SearchAction\",\"target\":\"https:\/\/irpp.org\/?s={search_term_string}\",\"query-input\":\"required name=search_term_string\"}],\"inLanguage\":\"fr-FR\"},{\"@type\":\"ImageObject\",\"@id\":\"https:\/\/irpp.org\/fr\/research-studies\/canadas-provincial-nominee-immigration-programs\/#primaryimage\",\"inLanguage\":\"fr-FR\",\"url\":\"https:\/\/irpp.org\/wp-content\/uploads\/\/sites\/2\/assets\/Uploads\/immigration3.jpg\",\"width\":710,\"height\":390},{\"@type\":\"WebPage\",\"@id\":\"https:\/\/irpp.org\/fr\/research-studies\/canadas-provincial-nominee-immigration-programs\/#webpage\",\"url\":\"https:\/\/irpp.org\/fr\/research-studies\/canadas-provincial-nominee-immigration-programs\/\",\"name\":\"Canada's Provincial Nominee Immigration Programs\",\"isPartOf\":{\"@id\":\"https:\/\/irpp.org\/#website\"},\"primaryImageOfPage\":{\"@id\":\"https:\/\/irpp.org\/fr\/research-studies\/canadas-provincial-nominee-immigration-programs\/#primaryimage\"},\"datePublished\":\"2013-12-12T05:00:00+00:00\",\"dateModified\":\"2018-06-13T19:15:02+00:00\",\"description\":\"Study calls for new intergovernmental framework for provincial nominee immigration programs.\",\"inLanguage\":\"fr-FR\",\"potentialAction\":[{\"@type\":\"ReadAction\",\"target\":[\"https:\/\/irpp.org\/fr\/research-studies\/canadas-provincial-nominee-immigration-programs\/\"]}]}]}<\/script>\n<!-- \/ Yoast SEO plugin. -->","distributor_meta":false,"distributor_terms":false,"distributor_media":false,"distributor_original_site_name":"IRPP","distributor_original_site_url":"https:\/\/irpp.org\/fr\/","push-errors":false,"_links":{"self":[{"href":"https:\/\/irpp.org\/fr\/wp-json\/wp\/v2\/research-studies\/9307","targetHints":{"allow":["GET"]}}],"collection":[{"href":"https:\/\/irpp.org\/fr\/wp-json\/wp\/v2\/research-studies"}],"about":[{"href":"https:\/\/irpp.org\/fr\/wp-json\/wp\/v2\/types\/research-studies"}],"version-history":[{"count":0,"href":"https:\/\/irpp.org\/fr\/wp-json\/wp\/v2\/research-studies\/9307\/revisions"}],"wp:featuredmedia":[{"embeddable":true,"href":"https:\/\/irpp.org\/fr\/wp-json\/wp\/v2\/media\/1400"}],"wp:attachment":[{"href":"https:\/\/irpp.org\/fr\/wp-json\/wp\/v2\/media?parent=9307"}],"wp:term":[{"taxonomy":"category","embeddable":true,"href":"https:\/\/irpp.org\/fr\/wp-json\/wp\/v2\/categories?post=9307"},{"taxonomy":"post_tag","embeddable":true,"href":"https:\/\/irpp.org\/fr\/wp-json\/wp\/v2\/tags?post=9307"}],"curies":[{"name":"wp","href":"https:\/\/api.w.org\/{rel}","templated":true}]}}