{"id":14730,"date":"2020-10-02T12:12:06","date_gmt":"2020-10-02T16:12:06","guid":{"rendered":"https:\/\/irpp.org\/podcast\/a-resilient-federation\/"},"modified":"2020-10-02T12:14:37","modified_gmt":"2020-10-02T16:14:37","slug":"une-federation-resiliente","status":"publish","type":"podcast","link":"https:\/\/irpp.org\/fr\/podcast\/une-federation-resiliente\/","title":{"rendered":"Une f\u00e9d\u00e9ration r\u00e9siliente ?"},"content":{"rendered":"<p>La semaine derni\u00e8re, l\u2019IRPP a inaugur\u00e9 officiellement son <a href=\"https:\/\/centre.irpp.org\/fr\/\">Centre d\u2019excellence sur la f\u00e9d\u00e9ration canadienne<\/a>. Nous marquons cet \u00e9v\u00e9nement par un balado bilingue anim\u00e9 par le directeur du Centre, Charles Breton.<\/p>\n<p>Charles s\u2019est joint \u00e0 l\u2019IRPP en 2019. Il a \u00e9t\u00e9 auparavant directeur de la recherche \u00e0 Vox Pop Labs, o\u00f9 il a dirig\u00e9 la conception d\u2019outils de recherche innovants sur l\u2019opinion publique, tel que la Boussole \u00e9lectorale. Titulaire d\u2019un doctorat en science politique de l\u2019Universit\u00e9 de la Colombie-Britannique, il a \u00e9t\u00e9 recherchiste et journaliste pour des \u00e9missions d\u2019affaires publiques \u00e0 Radio-Canada avant d\u2019entreprendre un parcours universitaire.<\/p>\n<p>Charles s\u2019entretient avec J\u00f6rg Broschek, St\u00e9phanie Chouinard et Alain No\u00ebl, trois experts des politiques publiques qui ont \u00e9crit des essais pour <a href=\"https:\/\/centre.irpp.org\/fr\/research-series\/une-federation-resiliente-les-defis-de-politiques-publiques-de-la-nouvelle-decennie\/\">la s\u00e9rie de lancement du Centre<\/a>. Se fondant sur leurs textes, ils examinent le discours du Tr\u00f4ne de la semaine derni\u00e8re et ses r\u00e9percussions sur le f\u00e9d\u00e9ralisme canadien.<\/p>\n<p>Pour acc\u00e9der directement \u00e0 la discussion en fran\u00e7ais, allez \u00e0 la marque de 25 minutes.<\/p>\n<p><iframe src=\"https:\/\/w.soundcloud.com\/player\/?url=https%3A\/\/api.soundcloud.com\/tracks\/903042700&amp;color=%23ff5500&amp;auto_play=false&amp;hide_related=false&amp;show_comments=true&amp;show_user=true&amp;show_reposts=false&amp;show_teaser=true\" width=\"100%\" height=\"166\" frameborder=\"no\" scrolling=\"no\"><\/iframe><\/p>\n<div style=\"font-size: 10px; color: #cccccc; line-break: anywhere; word-break: normal; overflow: hidden; white-space: nowrap; text-overflow: ellipsis; font-family: Interstate,Lucida Grande,Lucida Sans Unicode,Lucida Sans,Garuda,Verdana,Tahoma,sans-serif; font-weight: 100;\"><a style=\"color: #cccccc; text-decoration: none;\" title=\"Policy Options Podcast\" href=\"https:\/\/soundcloud.com\/irpp\" target=\"_blank\" rel=\"noopener noreferrer\">Policy Options Podcast<\/a> \u00b7 <a style=\"color: #cccccc; text-decoration: none;\" title=\"A resilient federation? (bilingual)\" href=\"https:\/\/soundcloud.com\/irpp\/a-resilient-federation-bilingual\" target=\"_blank\" rel=\"noopener noreferrer\">A resilient federation? (bilingual)<\/a><\/div>\n<p>Le t\u00e9l\u00e9chargement est gratuit. Nous produisons de nouveaux balados un mercredi sur deux. \u00a0Si vous avez des questions et des commentaires, envoyez des tweets \u00e0 @IRPP ou @charlesbreton.<\/p>","protected":false},"excerpt":{"rendered":"<p>Charles Breton, J\u00f6rg Broschek, St\u00e9phanie Chouinard and Alain No\u00ebl discuss the Throne Speech and its implications for Canadian federalism.<\/p>\n","protected":false},"featured_media":14687,"parent":0,"template":"","meta":{"content-type":""},"categories":[102],"class_list":["post-14730","podcast","type-podcast","status-publish","has-post-thumbnail","hentry","category-coe-fr"],"acf":[],"yoast_head":"<!-- This site is optimized with the Yoast SEO plugin v15.7 - https:\/\/yoast.com\/wordpress\/plugins\/seo\/ -->\n<meta name=\"description\" content=\"Charles Breton, J\u00f6rg Broschek, St\u00e9phanie Chouinard et Alain No\u00ebl discutent du discours du Tr\u00f4ne et de ses r\u00e9percussions sur le f\u00e9d\u00e9ralisme canadien.\" \/>\n<meta name=\"robots\" content=\"index, follow, max-snippet:-1, max-image-preview:large, max-video-preview:-1\" \/>\n<link rel=\"canonical\" href=\"https:\/\/irpp.org\/fr\/podcast\/une-federation-resiliente\/\" \/>\n<meta property=\"og:locale\" content=\"fr_FR\" \/>\n<meta property=\"og:type\" content=\"article\" \/>\n<meta property=\"og:title\" content=\"Une f\u00e9d\u00e9ration r\u00e9siliente ? - IRPP\" \/>\n<meta property=\"og:description\" content=\"Charles Breton, J\u00f6rg Broschek, St\u00e9phanie Chouinard et Alain No\u00ebl discutent du discours du Tr\u00f4ne et de ses r\u00e9percussions sur le f\u00e9d\u00e9ralisme canadien.\" \/>\n<meta property=\"og:url\" content=\"https:\/\/irpp.org\/fr\/podcast\/une-federation-resiliente\/\" \/>\n<meta property=\"og:site_name\" content=\"IRPP\" \/>\n<meta property=\"article:publisher\" content=\"https:\/\/www.facebook.com\/IRPP.org\" \/>\n<meta property=\"article:modified_time\" content=\"2020-10-02T16:14:37+00:00\" \/>\n<meta property=\"og:image\" content=\"https:\/\/irpp.org\/wp-content\/uploads\/2020\/09\/Facebook-Centre-of-Excellence-Launch.jpg\" \/>\n\t<meta property=\"og:image:width\" content=\"1200\" \/>\n\t<meta property=\"og:image:height\" content=\"628\" \/>\n<meta name=\"twitter:card\" content=\"summary_large_image\" \/>\n<meta name=\"twitter:image\" content=\"https:\/\/irpp.org\/wp-content\/uploads\/2020\/09\/Twitter-Centre-of-Excellence-Launch.jpg\" \/>\n<meta name=\"twitter:site\" content=\"@irpp\" \/>\n<meta name=\"twitter:label1\" content=\"Dur\u00e9e de lecture est.\">\n\t<meta name=\"twitter:data1\" content=\"1 minute\">\n<script type=\"application\/ld+json\" class=\"yoast-schema-graph\">{\"@context\":\"https:\/\/schema.org\",\"@graph\":[{\"@type\":\"WebSite\",\"@id\":\"https:\/\/irpp.org\/#website\",\"url\":\"https:\/\/irpp.org\/\",\"name\":\"IRPP\",\"description\":\"Institute for Research on Public Policy\",\"potentialAction\":[{\"@type\":\"SearchAction\",\"target\":\"https:\/\/irpp.org\/?s={search_term_string}\",\"query-input\":\"required name=search_term_string\"}],\"inLanguage\":\"fr-FR\"},{\"@type\":\"ImageObject\",\"@id\":\"https:\/\/irpp.org\/fr\/podcast\/une-federation-resiliente\/#primaryimage\",\"inLanguage\":\"fr-FR\",\"url\":\"https:\/\/irpp.org\/wp-content\/uploads\/2020\/09\/Centre-of-Excellence-Launch.jpg\",\"width\":2000,\"height\":700},{\"@type\":\"WebPage\",\"@id\":\"https:\/\/irpp.org\/fr\/podcast\/une-federation-resiliente\/#webpage\",\"url\":\"https:\/\/irpp.org\/fr\/podcast\/une-federation-resiliente\/\",\"name\":\"Une f\\u00e9d\\u00e9ration r\\u00e9siliente ? - IRPP\",\"isPartOf\":{\"@id\":\"https:\/\/irpp.org\/#website\"},\"primaryImageOfPage\":{\"@id\":\"https:\/\/irpp.org\/fr\/podcast\/une-federation-resiliente\/#primaryimage\"},\"datePublished\":\"2020-10-02T16:12:06+00:00\",\"dateModified\":\"2020-10-02T16:14:37+00:00\",\"description\":\"Charles Breton, J\\u00f6rg Broschek, St\\u00e9phanie Chouinard et Alain No\\u00ebl discutent du discours du Tr\\u00f4ne et de ses r\\u00e9percussions sur le f\\u00e9d\\u00e9ralisme canadien.\",\"inLanguage\":\"fr-FR\",\"potentialAction\":[{\"@type\":\"ReadAction\",\"target\":[\"https:\/\/irpp.org\/fr\/podcast\/une-federation-resiliente\/\"]}]}]}<\/script>\n<!-- \/ Yoast SEO plugin. -->","distributor_meta":false,"distributor_terms":false,"distributor_media":false,"distributor_original_site_name":"IRPP","distributor_original_site_url":"https:\/\/irpp.org\/fr\/","push-errors":false,"_links":{"self":[{"href":"https:\/\/irpp.org\/fr\/wp-json\/wp\/v2\/podcast\/14730","targetHints":{"allow":["GET"]}}],"collection":[{"href":"https:\/\/irpp.org\/fr\/wp-json\/wp\/v2\/podcast"}],"about":[{"href":"https:\/\/irpp.org\/fr\/wp-json\/wp\/v2\/types\/podcast"}],"version-history":[{"count":0,"href":"https:\/\/irpp.org\/fr\/wp-json\/wp\/v2\/podcast\/14730\/revisions"}],"wp:featuredmedia":[{"embeddable":true,"href":"https:\/\/irpp.org\/fr\/wp-json\/wp\/v2\/media\/14687"}],"wp:attachment":[{"href":"https:\/\/irpp.org\/fr\/wp-json\/wp\/v2\/media?parent=14730"}],"wp:term":[{"taxonomy":"category","embeddable":true,"href":"https:\/\/irpp.org\/fr\/wp-json\/wp\/v2\/categories?post=14730"}],"curies":[{"name":"wp","href":"https:\/\/api.w.org\/{rel}","templated":true}]}}