{"id":11629,"date":"2014-01-22T00:00:39","date_gmt":"2014-01-22T05:00:39","guid":{"rendered":"http:\/\/irpp.org\/?post_type=podcast&#038;p=11629"},"modified":"2018-06-08T11:17:49","modified_gmt":"2018-06-08T15:17:49","slug":"time-reinvent-employment-insurance","status":"publish","type":"podcast","link":"https:\/\/irpp.org\/fr\/podcast\/time-reinvent-employment-insurance\/","title":{"rendered":"Is It Time to Reinvent Employment Insurance?"},"content":{"rendered":"<p><iframe src=\"https:\/\/w.soundcloud.com\/player\/?url=https%3A\/\/api.soundcloud.com\/playlists\/50356876&amp;auto_play=false&amp;hide_related=false&amp;show_comments=true&amp;show_user=true&amp;show_reposts=false&amp;visual=true\" width=\"100%\" height=\"450\" frameborder=\"no\" scrolling=\"no\"><\/iframe><\/p>","protected":false},"excerpt":{"rendered":"<p>L&rsquo;assurance-emploi est un facteur cl\u00e9 des politiques canadiennes li\u00e9es au march\u00e9 du travail.<\/p>\n","protected":false},"featured_media":11112,"parent":0,"template":"","meta":{"content-type":""},"categories":[],"class_list":["post-11629","podcast","type-podcast","status-publish","has-post-thumbnail","hentry"],"acf":[],"yoast_head":"<!-- This site is optimized with the Yoast SEO plugin v15.7 - https:\/\/yoast.com\/wordpress\/plugins\/seo\/ -->\n<meta name=\"description\" content=\"L&#039;assurance-emploi est un facteur cl\u00e9 des politiques canadiennes li\u00e9es au march\u00e9 du travail.\" \/>\n<meta name=\"robots\" content=\"index, follow, max-snippet:-1, max-image-preview:large, max-video-preview:-1\" \/>\n<link rel=\"canonical\" href=\"https:\/\/irpp.org\/fr\/podcast\/time-reinvent-employment-insurance\/\" \/>\n<meta property=\"og:locale\" content=\"fr_FR\" \/>\n<meta property=\"og:type\" content=\"article\" \/>\n<meta property=\"og:title\" content=\"Is It Time to Reinvent Employment Insurance?\" \/>\n<meta property=\"og:description\" content=\"L&#039;assurance-emploi est un facteur cl\u00e9 des politiques canadiennes li\u00e9es au march\u00e9 du travail.\" \/>\n<meta property=\"og:url\" content=\"https:\/\/irpp.org\/fr\/podcast\/time-reinvent-employment-insurance\/\" \/>\n<meta property=\"og:site_name\" content=\"IRPP\" \/>\n<meta property=\"article:publisher\" content=\"https:\/\/www.facebook.com\/IRPP.org\" \/>\n<meta property=\"article:modified_time\" content=\"2018-06-08T15:17:49+00:00\" \/>\n<meta property=\"og:image\" content=\"https:\/\/irpp.org\/wp-content\/uploads\/2015\/08\/diversity.jpg\" \/>\n\t<meta property=\"og:image:width\" content=\"2000\" \/>\n\t<meta property=\"og:image:height\" content=\"700\" \/>\n<meta name=\"twitter:card\" content=\"summary_large_image\" \/>\n<meta name=\"twitter:site\" content=\"@irpp\" \/>\n<script type=\"application\/ld+json\" class=\"yoast-schema-graph\">{\"@context\":\"https:\/\/schema.org\",\"@graph\":[{\"@type\":\"WebSite\",\"@id\":\"https:\/\/irpp.org\/#website\",\"url\":\"https:\/\/irpp.org\/\",\"name\":\"IRPP\",\"description\":\"Institute for Research on Public Policy\",\"potentialAction\":[{\"@type\":\"SearchAction\",\"target\":\"https:\/\/irpp.org\/?s={search_term_string}\",\"query-input\":\"required name=search_term_string\"}],\"inLanguage\":\"fr-FR\"},{\"@type\":\"ImageObject\",\"@id\":\"https:\/\/irpp.org\/fr\/podcast\/time-reinvent-employment-insurance\/#primaryimage\",\"inLanguage\":\"fr-FR\",\"url\":\"https:\/\/irpp.org\/wp-content\/uploads\/2015\/08\/diversity.jpg\",\"width\":2000,\"height\":700},{\"@type\":\"WebPage\",\"@id\":\"https:\/\/irpp.org\/fr\/podcast\/time-reinvent-employment-insurance\/#webpage\",\"url\":\"https:\/\/irpp.org\/fr\/podcast\/time-reinvent-employment-insurance\/\",\"name\":\"Is It Time to Reinvent Employment Insurance?\",\"isPartOf\":{\"@id\":\"https:\/\/irpp.org\/#website\"},\"primaryImageOfPage\":{\"@id\":\"https:\/\/irpp.org\/fr\/podcast\/time-reinvent-employment-insurance\/#primaryimage\"},\"datePublished\":\"2014-01-22T05:00:39+00:00\",\"dateModified\":\"2018-06-08T15:17:49+00:00\",\"description\":\"L'assurance-emploi est un facteur cl\\u00e9 des politiques canadiennes li\\u00e9es au march\\u00e9 du travail.\",\"inLanguage\":\"fr-FR\",\"potentialAction\":[{\"@type\":\"ReadAction\",\"target\":[\"https:\/\/irpp.org\/fr\/podcast\/time-reinvent-employment-insurance\/\"]}]}]}<\/script>\n<!-- \/ Yoast SEO plugin. -->","distributor_meta":false,"distributor_terms":false,"distributor_media":false,"distributor_original_site_name":"IRPP","distributor_original_site_url":"https:\/\/irpp.org\/fr\/","push-errors":false,"_links":{"self":[{"href":"https:\/\/irpp.org\/fr\/wp-json\/wp\/v2\/podcast\/11629","targetHints":{"allow":["GET"]}}],"collection":[{"href":"https:\/\/irpp.org\/fr\/wp-json\/wp\/v2\/podcast"}],"about":[{"href":"https:\/\/irpp.org\/fr\/wp-json\/wp\/v2\/types\/podcast"}],"version-history":[{"count":0,"href":"https:\/\/irpp.org\/fr\/wp-json\/wp\/v2\/podcast\/11629\/revisions"}],"wp:featuredmedia":[{"embeddable":true,"href":"https:\/\/irpp.org\/fr\/wp-json\/wp\/v2\/media\/11112"}],"wp:attachment":[{"href":"https:\/\/irpp.org\/fr\/wp-json\/wp\/v2\/media?parent=11629"}],"wp:term":[{"taxonomy":"category","embeddable":true,"href":"https:\/\/irpp.org\/fr\/wp-json\/wp\/v2\/categories?post=11629"}],"curies":[{"name":"wp","href":"https:\/\/api.w.org\/{rel}","templated":true}]}}