{"id":14949,"date":"2021-01-13T11:11:36","date_gmt":"2021-01-13T16:11:36","guid":{"rendered":"https:\/\/irpp.org\/digital-content-creator\/"},"modified":"2026-03-23T23:22:08","modified_gmt":"2026-03-24T03:22:08","slug":"emplois","status":"publish","type":"page","link":"https:\/\/irpp.org\/fr\/a-propos-de-lirpp\/emplois\/","title":{"rendered":"Emplois"},"content":{"rendered":"<p>Il n&rsquo;y a pas pr\u00e9sentement des opportunit\u00e9s d&#8217;emplois \u00e0 l&rsquo;IRPP. Inscrivez-vous \u00e0 notre <a href=\"https:\/\/irpp.us7.list-manage.com\/subscribe\/post?u=f538f283d07ef7057a628bed8&amp;id=e1408f7694\">infolettre<\/a> et suivez-nous sur <a href=\"https:\/\/www.linkedin.com\/company\/institute-for-research-on-public-policy\/mycompany\/\">LinkedIn<\/a> pour des mises-\u00e0-jour.<\/p>","protected":false},"excerpt":{"rendered":"<p>Il n&rsquo;y a pas pr\u00e9sentement des opportunit\u00e9s d&#8217;emplois \u00e0 l&rsquo;IRPP. Inscrivez-vous \u00e0 notre infolettre et suivez-nous sur LinkedIn pour des mises-\u00e0-jour.<\/p>\n","protected":false},"author":865,"featured_media":0,"parent":9153,"menu_order":0,"comment_status":"closed","ping_status":"closed","template":"page-about.php","meta":{"content-type":"","footnotes":""},"categories":[],"tags":[],"class_list":["post-14949","page","type-page","status-publish","hentry"],"acf":[],"yoast_head":"<!-- This site is optimized with the Yoast SEO plugin v15.7 - https:\/\/yoast.com\/wordpress\/plugins\/seo\/ -->\n<meta name=\"description\" content=\"Joingez-vous \u00e0 l&#039;\u00e9quipe de l\u2019Institut de recherche en politiques publiques (IRPP).\" \/>\n<meta name=\"robots\" content=\"index, follow, max-snippet:-1, max-image-preview:large, max-video-preview:-1\" \/>\n<link rel=\"canonical\" href=\"https:\/\/irpp.org\/fr\/a-propos-de-lirpp\/emplois\/\" \/>\n<meta property=\"og:locale\" content=\"fr_FR\" \/>\n<meta property=\"og:type\" content=\"article\" \/>\n<meta property=\"og:title\" content=\"Associ\u00e9(e) de recherche\" \/>\n<meta property=\"og:description\" content=\"L\u2019Institut de recherche en politiques publiques, cherche une ou un associ\u00e9 de recherche pour un contrat d\u2019un an.\" \/>\n<meta property=\"og:url\" content=\"https:\/\/irpp.org\/fr\/a-propos-de-lirpp\/emplois\/\" \/>\n<meta property=\"og:site_name\" content=\"IRPP\" \/>\n<meta property=\"article:publisher\" content=\"https:\/\/www.facebook.com\/IRPP.org\" \/>\n<meta property=\"article:modified_time\" content=\"2026-03-24T03:22:08+00:00\" \/>\n<meta property=\"og:image\" content=\"https:\/\/irpp.org\/wp-content\/uploads\/2018\/11\/Hiring-FR-Facebook.png\" \/>\n\t<meta property=\"og:image:width\" content=\"1200\" \/>\n\t<meta property=\"og:image:height\" content=\"628\" \/>\n<meta name=\"twitter:card\" content=\"summary_large_image\" \/>\n<meta name=\"twitter:title\" content=\"Associ\u00e9(e) de recherche\" \/>\n<meta name=\"twitter:description\" content=\"L\u2019Institut de recherche en politiques publiques, cherche une ou un associ\u00e9 de recherche pour un contrat d\u2019un an.\" \/>\n<meta name=\"twitter:image\" content=\"https:\/\/irpp.org\/wp-content\/uploads\/2018\/11\/Hiring-FR-Twitter.png\" \/>\n<meta name=\"twitter:site\" content=\"@irpp\" \/>\n<meta name=\"twitter:label1\" content=\"Dur\u00e9e de lecture est.\">\n\t<meta name=\"twitter:data1\" content=\"1 minute\">\n<script type=\"application\/ld+json\" class=\"yoast-schema-graph\">{\"@context\":\"https:\/\/schema.org\",\"@graph\":[{\"@type\":\"WebSite\",\"@id\":\"https:\/\/irpp.org\/#website\",\"url\":\"https:\/\/irpp.org\/\",\"name\":\"IRPP\",\"description\":\"Institute for Research on Public Policy\",\"potentialAction\":[{\"@type\":\"SearchAction\",\"target\":\"https:\/\/irpp.org\/?s={search_term_string}\",\"query-input\":\"required name=search_term_string\"}],\"inLanguage\":\"fr-FR\"},{\"@type\":\"WebPage\",\"@id\":\"https:\/\/irpp.org\/fr\/a-propos-de-lirpp\/emplois\/#webpage\",\"url\":\"https:\/\/irpp.org\/fr\/a-propos-de-lirpp\/emplois\/\",\"name\":\"Emplois - IRPP\",\"isPartOf\":{\"@id\":\"https:\/\/irpp.org\/#website\"},\"datePublished\":\"2021-01-13T16:11:36+00:00\",\"dateModified\":\"2026-03-24T03:22:08+00:00\",\"description\":\"Joingez-vous \\u00e0 l'\\u00e9quipe de l\\u2019Institut de recherche en politiques publiques (IRPP).\",\"inLanguage\":\"fr-FR\",\"potentialAction\":[{\"@type\":\"ReadAction\",\"target\":[\"https:\/\/irpp.org\/fr\/a-propos-de-lirpp\/emplois\/\"]}]}]}<\/script>\n<!-- \/ Yoast SEO plugin. -->","distributor_meta":false,"distributor_terms":false,"distributor_media":false,"distributor_original_site_name":"IRPP","distributor_original_site_url":"https:\/\/irpp.org\/fr\/","push-errors":false,"_links":{"self":[{"href":"https:\/\/irpp.org\/fr\/wp-json\/wp\/v2\/pages\/14949","targetHints":{"allow":["GET"]}}],"collection":[{"href":"https:\/\/irpp.org\/fr\/wp-json\/wp\/v2\/pages"}],"about":[{"href":"https:\/\/irpp.org\/fr\/wp-json\/wp\/v2\/types\/page"}],"author":[{"embeddable":true,"href":"https:\/\/irpp.org\/fr\/wp-json\/wp\/v2\/users\/865"}],"replies":[{"embeddable":true,"href":"https:\/\/irpp.org\/fr\/wp-json\/wp\/v2\/comments?post=14949"}],"version-history":[{"count":0,"href":"https:\/\/irpp.org\/fr\/wp-json\/wp\/v2\/pages\/14949\/revisions"}],"up":[{"embeddable":true,"href":"https:\/\/irpp.org\/fr\/wp-json\/wp\/v2\/pages\/9153"}],"wp:attachment":[{"href":"https:\/\/irpp.org\/fr\/wp-json\/wp\/v2\/media?parent=14949"}],"wp:term":[{"taxonomy":"category","embeddable":true,"href":"https:\/\/irpp.org\/fr\/wp-json\/wp\/v2\/categories?post=14949"},{"taxonomy":"post_tag","embeddable":true,"href":"https:\/\/irpp.org\/fr\/wp-json\/wp\/v2\/tags?post=14949"}],"curies":[{"name":"wp","href":"https:\/\/api.w.org\/{rel}","templated":true}]}}